{"id":43424,"date":"2023-03-16T20:47:14","date_gmt":"2023-03-16T20:47:14","guid":{"rendered":"https:\/\/ancorapublicitat.es\/shop\/rucksack-clique-2-0-daypack-040242\/"},"modified":"2023-04-04T07:33:44","modified_gmt":"2023-04-04T07:33:44","slug":"rucksack-clique-2-0-daypack-040242","status":"publish","type":"product","link":"https:\/\/ancorapublicitat.es\/de\/shop\/rucksack-clique-2-0-daypack-040242\/","title":{"rendered":"Rucksack Clique 2.0 Daypack 040242"},"content":{"rendered":"<p>Leichter, flexibler Tagesrucksack f\u00fcr den aktiven Alltag. Drei grosse F\u00e4cher mit zus\u00e4tzlicher Meshtasche mit Reissverschluss. Das dritte Fach ist durch einen unter den Tr\u00e4gern verborgenen Reissverschluss zug\u00e4nglich. Zwei einfach zug\u00e4ngliche Funktionstaschen oben und im unteren Seitenbereich. Zwei grosse Meshtaschen an den Seiten mit elastischem Band und zwei kleinere Taschen an den Tr\u00e4gern. Das Gurtsystem ist gut durchdacht: Ein Brustgurt und ein H\u00fcftgurt sorgen auch bei starker Bewegung f\u00fcr einen rutschfesten Halt. Reflektierende Elemente f\u00fcr gute Sichtbarkeit in der Nacht. Abmessungen und Volumen: 41 x 23 x 13 cm ? 12 l<\/p>\n","protected":false},"excerpt":{"rendered":"<p>Leichter, flexibler Tagesrucksack f\u00fcr den aktiven Alltag. Drei grosse F\u00e4cher mit zus\u00e4tzlicher Meshtasche mit Reissverschluss. Das dritte Fach ist durch einen unter den Tr\u00e4gern verborgenen Reissverschluss zug\u00e4nglich. Zwei einfach zug\u00e4ngliche Funktionstaschen oben und im unteren Seitenbereich. Zwei grosse Meshtaschen an den Seiten mit elastischem Band und zwei kleinere Taschen an den Tr\u00e4gern. Das Gurtsystem ist [&hellip;]<\/p>\n","protected":false},"featured_media":43427,"template":"","meta":{"_acf_changed":false},"product_cat":[],"product_tag":[],"class_list":["post-43424","product","type-product","status-publish","has-post-thumbnail","pa_farben-schwarz-99","first","instock","purchasable","product-type-variable"],"acf":[],"tiered_pricing_type":"fixed","tiered_pricing_fixed_rules":{"10":47.0499999999999971578290569595992565155029296875,"50":45.5499999999999971578290569595992565155029296875,"100":43.5499999999999971578290569595992565155029296875,"500":39.60000000000000142108547152020037174224853515625},"tiered_pricing_product_settings":{"layout":"default","base_unit_name":{"singular":null,"plural":null},"default_variation":null},"tiered_pricing_minimum_quantity":null,"tiered_pricing_roles_data":[],"tiered_pricing_percentage_rules":[],"_links":{"self":[{"href":"https:\/\/ancorapublicitat.es\/de\/wp-json\/wp\/v2\/product\/43424","targetHints":{"allow":["GET"]}}],"collection":[{"href":"https:\/\/ancorapublicitat.es\/de\/wp-json\/wp\/v2\/product"}],"about":[{"href":"https:\/\/ancorapublicitat.es\/de\/wp-json\/wp\/v2\/types\/product"}],"version-history":[{"count":0,"href":"https:\/\/ancorapublicitat.es\/de\/wp-json\/wp\/v2\/product\/43424\/revisions"}],"wp:featuredmedia":[{"embeddable":true,"href":"https:\/\/ancorapublicitat.es\/de\/wp-json\/wp\/v2\/media\/43427"}],"wp:attachment":[{"href":"https:\/\/ancorapublicitat.es\/de\/wp-json\/wp\/v2\/media?parent=43424"}],"wp:term":[{"taxonomy":"product_cat","embeddable":true,"href":"https:\/\/ancorapublicitat.es\/de\/wp-json\/wp\/v2\/product_cat?post=43424"},{"taxonomy":"product_tag","embeddable":true,"href":"https:\/\/ancorapublicitat.es\/de\/wp-json\/wp\/v2\/product_tag?post=43424"}],"curies":[{"name":"wp","href":"https:\/\/api.w.org\/{rel}","templated":true}]}}