{"id":43430,"date":"2023-03-16T20:47:18","date_gmt":"2023-03-16T20:47:18","guid":{"rendered":"https:\/\/ancorapublicitat.es\/shop\/rucksack-clique-2-0-backpack-040241\/"},"modified":"2023-04-04T07:33:51","modified_gmt":"2023-04-04T07:33:51","slug":"rucksack-clique-2-0-backpack-040241","status":"publish","type":"product","link":"https:\/\/ancorapublicitat.es\/de\/shop\/rucksack-clique-2-0-backpack-040241\/","title":{"rendered":"Rucksack Clique 2.0 Backpack 040241"},"content":{"rendered":"<p>Funktionsrucksack mit ausgekl\u00fcgeltem Design. F\u00fcr fast jede Situation geeignet. Zwei grosse, durch eine innere Notebook-Schutztasche abgetrennte F\u00e4cher. Zweites Fach mit Mesh-Organisationstaschen und einem Karabinerhaken f\u00fcr den Schl\u00fcsselbund. Einfach zug\u00e4ngliche Tasche oben und verborgene R\u00fcckentasche f\u00fcr Wertgegenst\u00e4nde. Strapazierf\u00e4higer Riemen hinten zur Befestigung am Teleskopgriff eines Koffers. Reflektierende Elemente f\u00fcr gute Sichtbarkeit in der Nacht. Abmessungen und Volumen: 41 x 31 x 20 cm &#8211; 28 l<\/p>\n","protected":false},"excerpt":{"rendered":"<p>Funktionsrucksack mit ausgekl\u00fcgeltem Design. F\u00fcr fast jede Situation geeignet. Zwei grosse, durch eine innere Notebook-Schutztasche abgetrennte F\u00e4cher. Zweites Fach mit Mesh-Organisationstaschen und einem Karabinerhaken f\u00fcr den Schl\u00fcsselbund. Einfach zug\u00e4ngliche Tasche oben und verborgene R\u00fcckentasche f\u00fcr Wertgegenst\u00e4nde. Strapazierf\u00e4higer Riemen hinten zur Befestigung am Teleskopgriff eines Koffers. Reflektierende Elemente f\u00fcr gute Sichtbarkeit in der Nacht. Abmessungen und [&hellip;]<\/p>\n","protected":false},"featured_media":43433,"template":"","meta":{"_acf_changed":false},"product_cat":[],"product_tag":[],"class_list":["post-43430","product","type-product","status-publish","has-post-thumbnail","pa_farben-schwarz-99","first","instock","purchasable","product-type-variable"],"acf":[],"tiered_pricing_type":"fixed","tiered_pricing_fixed_rules":{"10":43.89999999999999857891452847979962825775146484375,"50":42.5,"100":40.64999999999999857891452847979962825775146484375,"500":36.9500000000000028421709430404007434844970703125},"tiered_pricing_product_settings":{"layout":"default","base_unit_name":{"singular":null,"plural":null},"default_variation":null},"tiered_pricing_minimum_quantity":null,"tiered_pricing_roles_data":[],"tiered_pricing_percentage_rules":[],"_links":{"self":[{"href":"https:\/\/ancorapublicitat.es\/de\/wp-json\/wp\/v2\/product\/43430","targetHints":{"allow":["GET"]}}],"collection":[{"href":"https:\/\/ancorapublicitat.es\/de\/wp-json\/wp\/v2\/product"}],"about":[{"href":"https:\/\/ancorapublicitat.es\/de\/wp-json\/wp\/v2\/types\/product"}],"version-history":[{"count":0,"href":"https:\/\/ancorapublicitat.es\/de\/wp-json\/wp\/v2\/product\/43430\/revisions"}],"wp:featuredmedia":[{"embeddable":true,"href":"https:\/\/ancorapublicitat.es\/de\/wp-json\/wp\/v2\/media\/43433"}],"wp:attachment":[{"href":"https:\/\/ancorapublicitat.es\/de\/wp-json\/wp\/v2\/media?parent=43430"}],"wp:term":[{"taxonomy":"product_cat","embeddable":true,"href":"https:\/\/ancorapublicitat.es\/de\/wp-json\/wp\/v2\/product_cat?post=43430"},{"taxonomy":"product_tag","embeddable":true,"href":"https:\/\/ancorapublicitat.es\/de\/wp-json\/wp\/v2\/product_tag?post=43430"}],"curies":[{"name":"wp","href":"https:\/\/api.w.org\/{rel}","templated":true}]}}