{"id":43990,"date":"2023-03-16T20:52:35","date_gmt":"2023-03-16T20:52:35","guid":{"rendered":"https:\/\/ancorapublicitat.es\/shop\/sporttasche-clique-2-0-travel-bag-medium-040245\/"},"modified":"2023-04-04T07:46:05","modified_gmt":"2023-04-04T07:46:05","slug":"sporttasche-clique-2-0-travel-bag-medium-040245","status":"publish","type":"product","link":"https:\/\/ancorapublicitat.es\/de\/shop\/sporttasche-clique-2-0-travel-bag-medium-040245\/","title":{"rendered":"Sporttasche Clique 2.0 Travel Bag Medium 040245"},"content":{"rendered":"<p>Ben\u00f6tigen Sie eine gr\u00f6ssere Reisetasche? Dann ist diese hier f\u00fcr Sie. Der U-Reissverschluss f\u00fcr das Hauptfach erlaubt ein einfaches und schnelles Packen. Organisationstasche mit Reissverschluss und Meshtasche mit Karabinerhaken f\u00fcr den Schl\u00fcsselbund im Innern. Robuster, abnehmbarer Schulterriemen mit Schulter-Polsterelement mit \u00d6ffnung f\u00fcr Visitenkarten. Die beiden Griffe mit gepolstertem Klettverschluss sind \u00fcber der Tasche fixierbar. Zwei zus\u00e4tzliche Seitengriffe f\u00fcr ein einfaches Anheben von allen Seiten her. Eine Tasche auf jeder Seite und ein gut bel\u00fcftetes Schuh-\/W\u00e4schefach. Eine Tasche mit Reissverschluss hinten und eine vorne. Abmessungen und Volumen: 53 x 31 x 28 cm ? 46 l<\/p>\n","protected":false},"excerpt":{"rendered":"<p>Ben\u00f6tigen Sie eine gr\u00f6ssere Reisetasche? Dann ist diese hier f\u00fcr Sie. Der U-Reissverschluss f\u00fcr das Hauptfach erlaubt ein einfaches und schnelles Packen. Organisationstasche mit Reissverschluss und Meshtasche mit Karabinerhaken f\u00fcr den Schl\u00fcsselbund im Innern. Robuster, abnehmbarer Schulterriemen mit Schulter-Polsterelement mit \u00d6ffnung f\u00fcr Visitenkarten. Die beiden Griffe mit gepolstertem Klettverschluss sind \u00fcber der Tasche fixierbar. Zwei [&hellip;]<\/p>\n","protected":false},"featured_media":43993,"template":"","meta":{"_acf_changed":false},"product_cat":[],"product_tag":[],"class_list":["post-43990","product","type-product","status-publish","has-post-thumbnail","pa_farben-schwarz-99","first","instock","purchasable","product-type-variable"],"acf":[],"tiered_pricing_type":"fixed","tiered_pricing_fixed_rules":{"10":52.25,"50":50.60000000000000142108547152020037174224853515625,"100":48.39999999999999857891452847979962825775146484375,"500":44},"tiered_pricing_product_settings":{"layout":"default","base_unit_name":{"singular":null,"plural":null},"default_variation":null},"tiered_pricing_minimum_quantity":null,"tiered_pricing_roles_data":[],"tiered_pricing_percentage_rules":[],"_links":{"self":[{"href":"https:\/\/ancorapublicitat.es\/de\/wp-json\/wp\/v2\/product\/43990","targetHints":{"allow":["GET"]}}],"collection":[{"href":"https:\/\/ancorapublicitat.es\/de\/wp-json\/wp\/v2\/product"}],"about":[{"href":"https:\/\/ancorapublicitat.es\/de\/wp-json\/wp\/v2\/types\/product"}],"version-history":[{"count":0,"href":"https:\/\/ancorapublicitat.es\/de\/wp-json\/wp\/v2\/product\/43990\/revisions"}],"wp:featuredmedia":[{"embeddable":true,"href":"https:\/\/ancorapublicitat.es\/de\/wp-json\/wp\/v2\/media\/43993"}],"wp:attachment":[{"href":"https:\/\/ancorapublicitat.es\/de\/wp-json\/wp\/v2\/media?parent=43990"}],"wp:term":[{"taxonomy":"product_cat","embeddable":true,"href":"https:\/\/ancorapublicitat.es\/de\/wp-json\/wp\/v2\/product_cat?post=43990"},{"taxonomy":"product_tag","embeddable":true,"href":"https:\/\/ancorapublicitat.es\/de\/wp-json\/wp\/v2\/product_tag?post=43990"}],"curies":[{"name":"wp","href":"https:\/\/api.w.org\/{rel}","templated":true}]}}