{"id":49709,"date":"2023-03-29T19:31:04","date_gmt":"2023-03-29T19:31:04","guid":{"rendered":"https:\/\/ancorapublicitat.es\/shop\/herren-sicherheitshose-projob-6534-mit-haengetaschen-en-iso-20471-klasse-1-modern-geschnitten-646534\/"},"modified":"2023-04-03T19:52:22","modified_gmt":"2023-04-03T19:52:22","slug":"herren-sicherheitshose-projob-6534-mit-haengetaschen-en-iso-20471-klasse-1-modern-geschnitten-646534","status":"publish","type":"product","link":"https:\/\/ancorapublicitat.es\/de\/shop\/herren-sicherheitshose-projob-6534-mit-haengetaschen-en-iso-20471-klasse-1-modern-geschnitten-646534\/","title":{"rendered":"Herren Sicherheitshose ProJob 6534 mit H\u00e4ngetaschen EN ISO 20471 Klasse 1 modern geschnitten 646534"},"content":{"rendered":"<p>Modern geschnittene Arbeitshose mit H\u00e4ngetaschen aus Polyester-Baumwoll-Mischgewebe. Zwei vordere Jeanstaschen. Zwei Ges\u00e4sstaschen mit Patte und Klettverschluss. Rechte Beintasche f\u00fcr Meterstab Werkzeug und ein Messerknopf. Linke Beintasche mit Patte und Klettverschluss f\u00fcr z.B. Werkzeug und Mobiltelefon. Verst\u00e4rkungen aus Polyamid im Kniebereich, an der Metertasche und an den H\u00e4ngetaschen. Knieprotektortaschen mit \u00d6ffnungen auf der Innenseite des Hosenbeins 2 fach verstellbar. Gr\u00f6ssen C42 &#8211; C64 k\u00f6nnen um bis zu 5 cm verl\u00e4ngert werden. 245 g\/m\u00b2<\/p>\n","protected":false},"excerpt":{"rendered":"<p>Modern geschnittene Arbeitshose mit H\u00e4ngetaschen aus Polyester-Baumwoll-Mischgewebe. Zwei vordere Jeanstaschen. Zwei Ges\u00e4sstaschen mit Patte und Klettverschluss. Rechte Beintasche f\u00fcr Meterstab Werkzeug und ein Messerknopf. Linke Beintasche mit Patte und Klettverschluss f\u00fcr z.B. Werkzeug und Mobiltelefon. Verst\u00e4rkungen aus Polyamid im Kniebereich, an der Metertasche und an den H\u00e4ngetaschen. Knieprotektortaschen mit \u00d6ffnungen auf der Innenseite des Hosenbeins [&hellip;]<\/p>\n","protected":false},"featured_media":49712,"template":"","meta":{"_acf_changed":false},"product_cat":[],"product_tag":[],"class_list":["post-49709","product","type-product","status-publish","has-post-thumbnail","pa_farben-gelb-marineblau-10","pa_farben-gelb-schwarz-11","pa_farben-orange-schwarz-1799","pa_groessen-c42","pa_groessen-c42-c164-und-d84-d120-als-sondergroesse","pa_groessen-c44","pa_groessen-c46","pa_groessen-c48","pa_groessen-c50","pa_groessen-c52","pa_groessen-c54","pa_groessen-c56","pa_groessen-c58","pa_groessen-c60","pa_groessen-c62","first","instock","purchasable","product-type-variable"],"acf":[],"tiered_pricing_type":"fixed","tiered_pricing_fixed_rules":{"9":97.650000000000005684341886080801486968994140625,"19":92.75,"49":89.849999999999994315658113919198513031005859375,"99":87.900000000000005684341886080801486968994140625},"tiered_pricing_product_settings":{"layout":"default","base_unit_name":{"singular":null,"plural":null},"default_variation":null},"tiered_pricing_minimum_quantity":null,"tiered_pricing_roles_data":[],"tiered_pricing_percentage_rules":[],"_links":{"self":[{"href":"https:\/\/ancorapublicitat.es\/de\/wp-json\/wp\/v2\/product\/49709","targetHints":{"allow":["GET"]}}],"collection":[{"href":"https:\/\/ancorapublicitat.es\/de\/wp-json\/wp\/v2\/product"}],"about":[{"href":"https:\/\/ancorapublicitat.es\/de\/wp-json\/wp\/v2\/types\/product"}],"version-history":[{"count":0,"href":"https:\/\/ancorapublicitat.es\/de\/wp-json\/wp\/v2\/product\/49709\/revisions"}],"wp:featuredmedia":[{"embeddable":true,"href":"https:\/\/ancorapublicitat.es\/de\/wp-json\/wp\/v2\/media\/49712"}],"wp:attachment":[{"href":"https:\/\/ancorapublicitat.es\/de\/wp-json\/wp\/v2\/media?parent=49709"}],"wp:term":[{"taxonomy":"product_cat","embeddable":true,"href":"https:\/\/ancorapublicitat.es\/de\/wp-json\/wp\/v2\/product_cat?post=49709"},{"taxonomy":"product_tag","embeddable":true,"href":"https:\/\/ancorapublicitat.es\/de\/wp-json\/wp\/v2\/product_tag?post=49709"}],"curies":[{"name":"wp","href":"https:\/\/api.w.org\/{rel}","templated":true}]}}