{"id":49729,"date":"2023-03-29T19:31:33","date_gmt":"2023-03-29T19:31:33","guid":{"rendered":"https:\/\/ancorapublicitat.es\/shop\/herren-arbeitshose-projob-5532-mit-knieverstaerkung-moderner-schnitt-645532\/"},"modified":"2023-04-03T19:52:42","modified_gmt":"2023-04-03T19:52:42","slug":"herren-arbeitshose-projob-5532-mit-knieverstaerkung-moderner-schnitt-645532","status":"publish","type":"product","link":"https:\/\/ancorapublicitat.es\/de\/shop\/herren-arbeitshose-projob-5532-mit-knieverstaerkung-moderner-schnitt-645532\/","title":{"rendered":"Herren Arbeitshose ProJob 5532 mit Knieverst\u00e4rkung moderner Schnitt 645532"},"content":{"rendered":"<p>Modern geschnittene Arbeitshose mit Kontrastelementen aus Polyester-Baumwoll-Mischgewebe. Zwei vordere Jeanstaschen. Zwei Ges\u00e4sstaschen mit Patte und Klettverschluss. Rechte Beintasche f\u00fcr Meterstab, Werkzeug und ein Messerknopf. Linke Beintasche mit Patte und Klettverschluss f\u00fcr z.B. Werkzeug und Mobiltelefon. Verst\u00e4rkungen aus Polyamid im Kniebereich und an der Metertasche. Reflexpaspeln am Beinende erh\u00f6hen die Sichtbarkeit. Gr\u00f6ssen C42 &#8211; C64 k\u00f6nnen um bis zu 5 cm verl\u00e4ngert werden. 245 g\/m\u00b2<\/p>\n","protected":false},"excerpt":{"rendered":"<p>Modern geschnittene Arbeitshose mit Kontrastelementen aus Polyester-Baumwoll-Mischgewebe. Zwei vordere Jeanstaschen. Zwei Ges\u00e4sstaschen mit Patte und Klettverschluss. Rechte Beintasche f\u00fcr Meterstab, Werkzeug und ein Messerknopf. Linke Beintasche mit Patte und Klettverschluss f\u00fcr z.B. Werkzeug und Mobiltelefon. Verst\u00e4rkungen aus Polyamid im Kniebereich und an der Metertasche. Reflexpaspeln am Beinende erh\u00f6hen die Sichtbarkeit. Gr\u00f6ssen C42 &#8211; C64 k\u00f6nnen [&hellip;]<\/p>\n","protected":false},"featured_media":49732,"template":"","meta":{"_acf_changed":false},"product_cat":[],"product_tag":[],"class_list":["post-49729","product","type-product","status-publish","has-post-thumbnail","pa_farben-grau-98","pa_farben-himmelblau-53","pa_farben-khaki-82","pa_farben-marine-58","pa_farben-rot-35","pa_farben-schwarz-99","pa_farben-waldgruen-66","pa_groessen-c42","pa_groessen-c42-c164-und-d84-d120-als-sondergroesse","pa_groessen-c44","pa_groessen-c46","pa_groessen-c48","pa_groessen-c50","pa_groessen-c52","pa_groessen-c54","pa_groessen-c56","pa_groessen-c58","pa_groessen-c60","pa_groessen-c62","first","instock","purchasable","product-type-variable"],"acf":[],"tiered_pricing_type":"fixed","tiered_pricing_fixed_rules":{"9":72.400000000000005684341886080801486968994140625,"19":68.7999999999999971578290569595992565155029296875,"49":66.599999999999994315658113919198513031005859375,"99":65.150000000000005684341886080801486968994140625},"tiered_pricing_product_settings":{"layout":"default","base_unit_name":{"singular":null,"plural":null},"default_variation":null},"tiered_pricing_minimum_quantity":null,"tiered_pricing_roles_data":[],"tiered_pricing_percentage_rules":[],"_links":{"self":[{"href":"https:\/\/ancorapublicitat.es\/de\/wp-json\/wp\/v2\/product\/49729","targetHints":{"allow":["GET"]}}],"collection":[{"href":"https:\/\/ancorapublicitat.es\/de\/wp-json\/wp\/v2\/product"}],"about":[{"href":"https:\/\/ancorapublicitat.es\/de\/wp-json\/wp\/v2\/types\/product"}],"version-history":[{"count":0,"href":"https:\/\/ancorapublicitat.es\/de\/wp-json\/wp\/v2\/product\/49729\/revisions"}],"wp:featuredmedia":[{"embeddable":true,"href":"https:\/\/ancorapublicitat.es\/de\/wp-json\/wp\/v2\/media\/49732"}],"wp:attachment":[{"href":"https:\/\/ancorapublicitat.es\/de\/wp-json\/wp\/v2\/media?parent=49729"}],"wp:term":[{"taxonomy":"product_cat","embeddable":true,"href":"https:\/\/ancorapublicitat.es\/de\/wp-json\/wp\/v2\/product_cat?post=49729"},{"taxonomy":"product_tag","embeddable":true,"href":"https:\/\/ancorapublicitat.es\/de\/wp-json\/wp\/v2\/product_tag?post=49729"}],"curies":[{"name":"wp","href":"https:\/\/api.w.org\/{rel}","templated":true}]}}