{"id":49795,"date":"2023-03-29T19:33:24","date_gmt":"2023-03-29T19:33:24","guid":{"rendered":"https:\/\/ancorapublicitat.es\/shop\/herren-arbeitsshorts-projob-5535-mit-haengetaschen-moderner-schnitt-645535\/"},"modified":"2023-04-03T19:54:50","modified_gmt":"2023-04-03T19:54:50","slug":"herren-arbeitsshorts-projob-5535-mit-haengetaschen-moderner-schnitt-645535","status":"publish","type":"product","link":"https:\/\/ancorapublicitat.es\/de\/shop\/herren-arbeitsshorts-projob-5535-mit-haengetaschen-moderner-schnitt-645535\/","title":{"rendered":"Herren Arbeitsshorts ProJob 5535 mit H\u00e4ngetaschen moderner Schnitt 645535"},"content":{"rendered":"<p>Modern geschnittene Shorts mit Kontrastelementen aus Polyester-Baumwoll-Mischgewebe mit H\u00e4ngetaschen. An der linken H\u00e4ngetasche ein zus\u00e4tzliches Abtei mit Reissverschluss. An der rechten H\u00e4ngetasche extra F\u00e4cher und Ringe zum Befestigen von Werkzeug. Zwei Ges\u00e4sstaschen mit Patte und Klettverschluss. Rechte Beintasche f\u00fcr Meterstab, Werkzeug und ein Messerknopf. Linke Beintasche mit Patte und Klettverschluss f\u00fcr z.B. Werkzeug und Mobiltelefon. Verst\u00e4rkungen aus Polyamid an der Metertasche und an den H\u00e4ngetaschen. 245 g\/m\u00b2<\/p>\n","protected":false},"excerpt":{"rendered":"<p>Modern geschnittene Shorts mit Kontrastelementen aus Polyester-Baumwoll-Mischgewebe mit H\u00e4ngetaschen. An der linken H\u00e4ngetasche ein zus\u00e4tzliches Abtei mit Reissverschluss. An der rechten H\u00e4ngetasche extra F\u00e4cher und Ringe zum Befestigen von Werkzeug. Zwei Ges\u00e4sstaschen mit Patte und Klettverschluss. Rechte Beintasche f\u00fcr Meterstab, Werkzeug und ein Messerknopf. Linke Beintasche mit Patte und Klettverschluss f\u00fcr z.B. Werkzeug und Mobiltelefon. [&hellip;]<\/p>\n","protected":false},"featured_media":49798,"template":"","meta":{"_acf_changed":false},"product_cat":[],"product_tag":[],"class_list":["post-49795","product","type-product","status-publish","has-post-thumbnail","pa_farben-grau-98","pa_farben-himmelblau-53","pa_farben-khaki-82","pa_farben-marine-58","pa_farben-rot-35","pa_farben-schwarz-99","pa_farben-waldgruen-66","pa_groessen-c42","pa_groessen-c44","pa_groessen-c46","pa_groessen-c48","pa_groessen-c50","pa_groessen-c52","pa_groessen-c54","pa_groessen-c56","pa_groessen-c58","pa_groessen-c60","pa_groessen-c62","pa_groessen-c64","first","instock","purchasable","product-type-variable"],"acf":[],"tiered_pricing_type":"fixed","tiered_pricing_fixed_rules":{"9":65.099999999999994315658113919198513031005859375,"19":61.85000000000000142108547152020037174224853515625,"49":59.89999999999999857891452847979962825775146484375,"99":58.60000000000000142108547152020037174224853515625},"tiered_pricing_product_settings":{"layout":"default","base_unit_name":{"singular":null,"plural":null},"default_variation":null},"tiered_pricing_minimum_quantity":null,"tiered_pricing_roles_data":[],"tiered_pricing_percentage_rules":[],"_links":{"self":[{"href":"https:\/\/ancorapublicitat.es\/de\/wp-json\/wp\/v2\/product\/49795","targetHints":{"allow":["GET"]}}],"collection":[{"href":"https:\/\/ancorapublicitat.es\/de\/wp-json\/wp\/v2\/product"}],"about":[{"href":"https:\/\/ancorapublicitat.es\/de\/wp-json\/wp\/v2\/types\/product"}],"version-history":[{"count":0,"href":"https:\/\/ancorapublicitat.es\/de\/wp-json\/wp\/v2\/product\/49795\/revisions"}],"wp:featuredmedia":[{"embeddable":true,"href":"https:\/\/ancorapublicitat.es\/de\/wp-json\/wp\/v2\/media\/49798"}],"wp:attachment":[{"href":"https:\/\/ancorapublicitat.es\/de\/wp-json\/wp\/v2\/media?parent=49795"}],"wp:term":[{"taxonomy":"product_cat","embeddable":true,"href":"https:\/\/ancorapublicitat.es\/de\/wp-json\/wp\/v2\/product_cat?post=49795"},{"taxonomy":"product_tag","embeddable":true,"href":"https:\/\/ancorapublicitat.es\/de\/wp-json\/wp\/v2\/product_tag?post=49795"}],"curies":[{"name":"wp","href":"https:\/\/api.w.org\/{rel}","templated":true}]}}