{"id":50232,"date":"2023-03-29T19:49:29","date_gmt":"2023-03-29T19:49:29","guid":{"rendered":"https:\/\/ancorapublicitat.es\/shop\/herren-sicherheitshose-projob-6522-mit-haengetaschen-und-knieverstaerkung-en-iso-20471-klasse-1-646522\/"},"modified":"2023-04-03T19:29:42","modified_gmt":"2023-04-03T19:29:42","slug":"herren-sicherheitshose-projob-6522-mit-haengetaschen-und-knieverstaerkung-en-iso-20471-klasse-1-646522","status":"publish","type":"product","link":"https:\/\/ancorapublicitat.es\/de\/shop\/herren-sicherheitshose-projob-6522-mit-haengetaschen-und-knieverstaerkung-en-iso-20471-klasse-1-646522\/","title":{"rendered":"Herren Sicherheitshose ProJob 6522 mit H\u00e4ngetaschen und Knieverst\u00e4rkung EN ISO 20471 Klasse 1 646522"},"content":{"rendered":"<p>Gerade geschnittene Arbeitshose. Zwei H\u00e4ngetaschen die eingesteckt werden k\u00f6nnen; eine mit Zusatztaschen und eine mit Werkzeugschlaufen. Die H\u00e4ngeltaschen sind mit Cordura\u00ae verst\u00e4rkt. Beintasche mit Handy-Fach und Taschen f\u00fcr Schreibger\u00e4te und Werkzeug. Zwei verstellbare Hammerhalter. Zwei D-Ringe. Metertasche mit Tasche f\u00fcr Werkzeug und Messerknopf. Knieprotektortaschen aus Cordura\u00ae mit \u00d6ffnungen auf der Innenseite des Hosenbeins. H\u00f6he der Knieprotektoren verstellbar. Vorgeformte Kniepartien. Extrabreite Ges\u00e4sstaschen, Patte an der linken Seite. ID-Kartenhalter. 375 g\/m\u00b2<\/p>\n","protected":false},"excerpt":{"rendered":"<p>Gerade geschnittene Arbeitshose. Zwei H\u00e4ngetaschen die eingesteckt werden k\u00f6nnen; eine mit Zusatztaschen und eine mit Werkzeugschlaufen. Die H\u00e4ngeltaschen sind mit Cordura\u00ae verst\u00e4rkt. Beintasche mit Handy-Fach und Taschen f\u00fcr Schreibger\u00e4te und Werkzeug. Zwei verstellbare Hammerhalter. Zwei D-Ringe. Metertasche mit Tasche f\u00fcr Werkzeug und Messerknopf. Knieprotektortaschen aus Cordura\u00ae mit \u00d6ffnungen auf der Innenseite des Hosenbeins. H\u00f6he der [&hellip;]<\/p>\n","protected":false},"featured_media":50235,"template":"","meta":{"_acf_changed":false},"product_cat":[],"product_tag":[],"class_list":["post-50232","product","type-product","status-publish","has-post-thumbnail","pa_farben-gelb-10","pa_farben-gelb-schwarz-11","pa_farben-orange-schwarz-1799","pa_groessen-c146-c156-und-d84-d120-als-sondergroesse","pa_groessen-c44","pa_groessen-c46","pa_groessen-c48","pa_groessen-c50","pa_groessen-c52","pa_groessen-c54","pa_groessen-c56","pa_groessen-c58","pa_groessen-c60","pa_groessen-c62","first","instock","purchasable","product-type-variable"],"acf":[],"tiered_pricing_type":"fixed","tiered_pricing_fixed_rules":{"9":173.25,"19":164.599999999999994315658113919198513031005859375,"49":159.400000000000005684341886080801486968994140625,"99":155.94999999999998863131622783839702606201171875},"tiered_pricing_product_settings":{"layout":"default","base_unit_name":{"singular":null,"plural":null},"default_variation":null},"tiered_pricing_minimum_quantity":null,"tiered_pricing_roles_data":[],"tiered_pricing_percentage_rules":[],"_links":{"self":[{"href":"https:\/\/ancorapublicitat.es\/de\/wp-json\/wp\/v2\/product\/50232","targetHints":{"allow":["GET"]}}],"collection":[{"href":"https:\/\/ancorapublicitat.es\/de\/wp-json\/wp\/v2\/product"}],"about":[{"href":"https:\/\/ancorapublicitat.es\/de\/wp-json\/wp\/v2\/types\/product"}],"version-history":[{"count":0,"href":"https:\/\/ancorapublicitat.es\/de\/wp-json\/wp\/v2\/product\/50232\/revisions"}],"wp:featuredmedia":[{"embeddable":true,"href":"https:\/\/ancorapublicitat.es\/de\/wp-json\/wp\/v2\/media\/50235"}],"wp:attachment":[{"href":"https:\/\/ancorapublicitat.es\/de\/wp-json\/wp\/v2\/media?parent=50232"}],"wp:term":[{"taxonomy":"product_cat","embeddable":true,"href":"https:\/\/ancorapublicitat.es\/de\/wp-json\/wp\/v2\/product_cat?post=50232"},{"taxonomy":"product_tag","embeddable":true,"href":"https:\/\/ancorapublicitat.es\/de\/wp-json\/wp\/v2\/product_tag?post=50232"}],"curies":[{"name":"wp","href":"https:\/\/api.w.org\/{rel}","templated":true}]}}