{"id":50278,"date":"2023-03-29T19:50:28","date_gmt":"2023-03-29T19:50:28","guid":{"rendered":"https:\/\/ancorapublicitat.es\/shop\/herren-arbeitshose-projob-3520-mit-stretcheinsaetzen-modern-geschnitten-643520\/"},"modified":"2023-04-03T19:30:14","modified_gmt":"2023-04-03T19:30:14","slug":"herren-arbeitshose-projob-3520-mit-stretcheinsaetzen-modern-geschnitten-643520","status":"publish","type":"product","link":"https:\/\/ancorapublicitat.es\/de\/shop\/herren-arbeitshose-projob-3520-mit-stretcheinsaetzen-modern-geschnitten-643520\/","title":{"rendered":"Herren Arbeitshose ProJob 3520 mit Stretcheins\u00e4tzen modern geschnitten 643520"},"content":{"rendered":"<p>Modern geschnittene funktionshose aus Mischgewebe mit Stretcheins\u00e4tzen und langen Bel\u00fcftungsschlitzen an der Beinaussenseite. Polyamid-Verst\u00e4rkungen am Beinabschluss. Elastische Eins\u00e4tze im Ges\u00e4ssbereich, Schritt, vorderen und hinteren Kniebereich. Zwei Beintaschen mit Reissverschluss, die rechte davon mit extra Fach f\u00fcr Meterstab und Messer. Die linke Tasche mit Handyfach. 2 abnehmbaren H\u00e4ngetaschen. Am Beinende justierbar. H\u00f6he der Knieprotektoren verstellbar. 230 g\/m\u00b2<\/p>\n","protected":false},"excerpt":{"rendered":"<p>Modern geschnittene funktionshose aus Mischgewebe mit Stretcheins\u00e4tzen und langen Bel\u00fcftungsschlitzen an der Beinaussenseite. Polyamid-Verst\u00e4rkungen am Beinabschluss. Elastische Eins\u00e4tze im Ges\u00e4ssbereich, Schritt, vorderen und hinteren Kniebereich. Zwei Beintaschen mit Reissverschluss, die rechte davon mit extra Fach f\u00fcr Meterstab und Messer. Die linke Tasche mit Handyfach. 2 abnehmbaren H\u00e4ngetaschen. Am Beinende justierbar. H\u00f6he der Knieprotektoren verstellbar. 230 [&hellip;]<\/p>\n","protected":false},"featured_media":50281,"template":"","meta":{"_acf_changed":false},"product_cat":[],"product_tag":[],"class_list":["post-50278","product","type-product","status-publish","has-post-thumbnail","pa_farben-grau-schwarz-98","pa_farben-himmelblau-schwarz-53","pa_farben-marine-schwarz-58","pa_farben-rot-schwarz-35","pa_farben-schwarz-99","pa_farben-waldgruen-schwarz-66","pa_groessen-c146-c156-und-d84-d120-als-sondergroesse","pa_groessen-c44","pa_groessen-c46","pa_groessen-c48","pa_groessen-c50","pa_groessen-c52","pa_groessen-c54","pa_groessen-c56","pa_groessen-c58","pa_groessen-c60","pa_groessen-c62","first","instock","product-type-variable"],"acf":[],"tiered_pricing_type":"fixed","tiered_pricing_fixed_rules":[],"tiered_pricing_product_settings":{"layout":"default","base_unit_name":{"singular":null,"plural":null},"default_variation":null},"tiered_pricing_minimum_quantity":null,"tiered_pricing_roles_data":[],"tiered_pricing_percentage_rules":[],"_links":{"self":[{"href":"https:\/\/ancorapublicitat.es\/de\/wp-json\/wp\/v2\/product\/50278","targetHints":{"allow":["GET"]}}],"collection":[{"href":"https:\/\/ancorapublicitat.es\/de\/wp-json\/wp\/v2\/product"}],"about":[{"href":"https:\/\/ancorapublicitat.es\/de\/wp-json\/wp\/v2\/types\/product"}],"version-history":[{"count":0,"href":"https:\/\/ancorapublicitat.es\/de\/wp-json\/wp\/v2\/product\/50278\/revisions"}],"wp:featuredmedia":[{"embeddable":true,"href":"https:\/\/ancorapublicitat.es\/de\/wp-json\/wp\/v2\/media\/50281"}],"wp:attachment":[{"href":"https:\/\/ancorapublicitat.es\/de\/wp-json\/wp\/v2\/media?parent=50278"}],"wp:term":[{"taxonomy":"product_cat","embeddable":true,"href":"https:\/\/ancorapublicitat.es\/de\/wp-json\/wp\/v2\/product_cat?post=50278"},{"taxonomy":"product_tag","embeddable":true,"href":"https:\/\/ancorapublicitat.es\/de\/wp-json\/wp\/v2\/product_tag?post=50278"}],"curies":[{"name":"wp","href":"https:\/\/api.w.org\/{rel}","templated":true}]}}