{"id":60053,"date":"2023-03-30T18:21:51","date_gmt":"2023-03-30T18:21:51","guid":{"rendered":"https:\/\/ancorapublicitat.es\/shop\/herren-sicherheitsjacke-projob-6419-functional-jacket-en-iso-20471-class-3-2-646419\/"},"modified":"2023-04-03T17:23:49","modified_gmt":"2023-04-03T17:23:49","slug":"herren-sicherheitsjacke-projob-6419-functional-jacket-en-iso-20471-class-3-2-646419","status":"publish","type":"product","link":"https:\/\/ancorapublicitat.es\/de\/shop\/herren-sicherheitsjacke-projob-6419-functional-jacket-en-iso-20471-class-3-2-646419\/","title":{"rendered":"Herren Sicherheitsjacke ProJob 6419 Functional Jacket EN ISO 20471 Class 3\/2 646419"},"content":{"rendered":"<p>Funktionelle, wind- und wasserdichte High Visibility Softshell-Jacke. Zwei Brusttaschen, die linke mit Innentasche f\u00fcr das Handy. Klammer f\u00fcr ID-Kartenbefestigung. Zwei Seitentaschen und eine \u00c4rmeltasche links. Innentasche links mit \u00d6ffnung f\u00fcr das Headset. Bel\u00fcftungsrei\u00dfverschl\u00fcsse unter den Armen. Kordelzug im Bund und verstellbare \u00c4rmelb\u00fcndchen. Verl\u00e4ngerter R\u00fccken f\u00fcr extra Komfort. Reflektorstreifen an den \u00c4rmeln und am R\u00fccken. Abnehmbare, verstellbare Kapuze. Fleece-Futter im Kragen.<\/p>\n","protected":false},"excerpt":{"rendered":"<p>Funktionelle, wind- und wasserdichte High Visibility Softshell-Jacke. Zwei Brusttaschen, die linke mit Innentasche f\u00fcr das Handy. Klammer f\u00fcr ID-Kartenbefestigung. Zwei Seitentaschen und eine \u00c4rmeltasche links. Innentasche links mit \u00d6ffnung f\u00fcr das Headset. Bel\u00fcftungsrei\u00dfverschl\u00fcsse unter den Armen. Kordelzug im Bund und verstellbare \u00c4rmelb\u00fcndchen. Verl\u00e4ngerter R\u00fccken f\u00fcr extra Komfort. Reflektorstreifen an den \u00c4rmeln und am R\u00fccken. Abnehmbare, [&hellip;]<\/p>\n","protected":false},"featured_media":60056,"template":"","meta":{"_acf_changed":false},"product_cat":[],"product_tag":[],"class_list":["post-60053","product","type-product","status-publish","has-post-thumbnail","pa_farben-gelb-10","pa_farben-gelb-schwarz-11","pa_farben-orange-17","pa_groessen-l","pa_groessen-m","pa_groessen-s","pa_groessen-xl","pa_groessen-xxl","pa_groessen-xxs","pa_groessen-xxxl","pa_groessen-xxxxl","first","instock","purchasable","product-type-variable"],"acf":[],"tiered_pricing_type":"fixed","tiered_pricing_fixed_rules":{"9":183.75,"19":174.55000000000001136868377216160297393798828125,"49":169.05000000000001136868377216160297393798828125,"99":165.400000000000005684341886080801486968994140625},"tiered_pricing_product_settings":{"layout":"default","base_unit_name":{"singular":null,"plural":null},"default_variation":null},"tiered_pricing_minimum_quantity":null,"tiered_pricing_roles_data":[],"tiered_pricing_percentage_rules":[],"_links":{"self":[{"href":"https:\/\/ancorapublicitat.es\/de\/wp-json\/wp\/v2\/product\/60053","targetHints":{"allow":["GET"]}}],"collection":[{"href":"https:\/\/ancorapublicitat.es\/de\/wp-json\/wp\/v2\/product"}],"about":[{"href":"https:\/\/ancorapublicitat.es\/de\/wp-json\/wp\/v2\/types\/product"}],"version-history":[{"count":0,"href":"https:\/\/ancorapublicitat.es\/de\/wp-json\/wp\/v2\/product\/60053\/revisions"}],"wp:featuredmedia":[{"embeddable":true,"href":"https:\/\/ancorapublicitat.es\/de\/wp-json\/wp\/v2\/media\/60056"}],"wp:attachment":[{"href":"https:\/\/ancorapublicitat.es\/de\/wp-json\/wp\/v2\/media?parent=60053"}],"wp:term":[{"taxonomy":"product_cat","embeddable":true,"href":"https:\/\/ancorapublicitat.es\/de\/wp-json\/wp\/v2\/product_cat?post=60053"},{"taxonomy":"product_tag","embeddable":true,"href":"https:\/\/ancorapublicitat.es\/de\/wp-json\/wp\/v2\/product_tag?post=60053"}],"curies":[{"name":"wp","href":"https:\/\/api.w.org\/{rel}","templated":true}]}}