{"id":60401,"date":"2023-03-30T18:51:47","date_gmt":"2023-03-30T18:51:47","guid":{"rendered":"https:\/\/ancorapublicitat.es\/shop\/herren-sicherheitsjacke-projob-6420-gefuettert-en-iso-20471-klasse-3-2-646420\/"},"modified":"2023-04-03T17:38:10","modified_gmt":"2023-04-03T17:38:10","slug":"herren-sicherheitsjacke-projob-6420-gefuettert-en-iso-20471-klasse-3-2-646420","status":"publish","type":"product","link":"https:\/\/ancorapublicitat.es\/de\/shop\/herren-sicherheitsjacke-projob-6420-gefuettert-en-iso-20471-klasse-3-2-646420\/","title":{"rendered":"Herren Sicherheitsjacke ProJob 6420 gef\u00fcttert EN ISO 20471 Klasse 3\/2 646420"},"content":{"rendered":"<p>Wind- und wasserabweisende weiche Softshell-Jacke mit Steppfutter. Zwei Brusttaschen mit wasserabweisenden Reissverschl\u00fcssen, die linke mit Innentasche f\u00fcr das Handy. Klammer f\u00fcr ID-Kartenbefestigung. Zwei Innentasche mit Reissverschluss, eine davon gross genug f\u00fcr Dokumente. Zwei Seitentaschen mit Reissverschluss und Patte und eine \u00c4rmeltasche links. Innentasche links mit \u00d6ffnung f\u00fcr das Headset. Bel\u00fcftungsreissverschl\u00fcsse unter den Armen. Kordelzug im Bund und verstellbare \u00c4rmelb\u00fcndchen mit Klett. Verl\u00e4ngerter R\u00fccken f\u00fcr extra Komfort. Abnehmbare, verstellbare Kapuze. Reflektorstreifen an den \u00c4rmeln und am R\u00fccken. Fleece-Futter im Kragen und in den Seitentaschen. Auch als Damen-Jacke PJ 6424 verf\u00fcgbar. 260 g\/m\u00b2<\/p>\n","protected":false},"excerpt":{"rendered":"<p>Wind- und wasserabweisende weiche Softshell-Jacke mit Steppfutter. Zwei Brusttaschen mit wasserabweisenden Reissverschl\u00fcssen, die linke mit Innentasche f\u00fcr das Handy. Klammer f\u00fcr ID-Kartenbefestigung. Zwei Innentasche mit Reissverschluss, eine davon gross genug f\u00fcr Dokumente. Zwei Seitentaschen mit Reissverschluss und Patte und eine \u00c4rmeltasche links. Innentasche links mit \u00d6ffnung f\u00fcr das Headset. Bel\u00fcftungsreissverschl\u00fcsse unter den Armen. Kordelzug im [&hellip;]<\/p>\n","protected":false},"featured_media":60404,"template":"","meta":{"_acf_changed":false},"product_cat":[],"product_tag":[],"class_list":["post-60401","product","type-product","status-publish","has-post-thumbnail","pa_farben-gelb-10","pa_farben-gelb-schwarz-11","pa_farben-orange-17","pa_farben-orange-schwarz-1799","pa_groessen-l","pa_groessen-m","pa_groessen-s","pa_groessen-xl","pa_groessen-xxl","pa_groessen-xxs","pa_groessen-xxxl","pa_groessen-xxxxl","first","instock","purchasable","product-type-variable"],"acf":[],"tiered_pricing_type":"fixed","tiered_pricing_fixed_rules":{"9":229.900000000000005684341886080801486968994140625,"19":218.400000000000005684341886080801486968994140625,"49":211.5,"99":206.900000000000005684341886080801486968994140625},"tiered_pricing_product_settings":{"layout":"default","base_unit_name":{"singular":null,"plural":null},"default_variation":null},"tiered_pricing_minimum_quantity":null,"tiered_pricing_roles_data":[],"tiered_pricing_percentage_rules":[],"_links":{"self":[{"href":"https:\/\/ancorapublicitat.es\/de\/wp-json\/wp\/v2\/product\/60401","targetHints":{"allow":["GET"]}}],"collection":[{"href":"https:\/\/ancorapublicitat.es\/de\/wp-json\/wp\/v2\/product"}],"about":[{"href":"https:\/\/ancorapublicitat.es\/de\/wp-json\/wp\/v2\/types\/product"}],"version-history":[{"count":0,"href":"https:\/\/ancorapublicitat.es\/de\/wp-json\/wp\/v2\/product\/60401\/revisions"}],"wp:featuredmedia":[{"embeddable":true,"href":"https:\/\/ancorapublicitat.es\/de\/wp-json\/wp\/v2\/media\/60404"}],"wp:attachment":[{"href":"https:\/\/ancorapublicitat.es\/de\/wp-json\/wp\/v2\/media?parent=60401"}],"wp:term":[{"taxonomy":"product_cat","embeddable":true,"href":"https:\/\/ancorapublicitat.es\/de\/wp-json\/wp\/v2\/product_cat?post=60401"},{"taxonomy":"product_tag","embeddable":true,"href":"https:\/\/ancorapublicitat.es\/de\/wp-json\/wp\/v2\/product_tag?post=60401"}],"curies":[{"name":"wp","href":"https:\/\/api.w.org\/{rel}","templated":true}]}}