{"id":60473,"date":"2023-03-30T18:53:12","date_gmt":"2023-03-30T18:53:12","guid":{"rendered":"https:\/\/ancorapublicitat.es\/shop\/herren-service-jacke-projob-5426-gefuettert-mit-kontrastelementen-645426\/"},"modified":"2023-04-03T17:39:14","modified_gmt":"2023-04-03T17:39:14","slug":"herren-service-jacke-projob-5426-gefuettert-mit-kontrastelementen-645426","status":"publish","type":"product","link":"https:\/\/ancorapublicitat.es\/de\/shop\/herren-service-jacke-projob-5426-gefuettert-mit-kontrastelementen-645426\/","title":{"rendered":"Herren Service Jacke ProJob 5426 gef\u00fcttert mit Kontrastelementen 645426"},"content":{"rendered":"<p>Strapazierf\u00e4hige gef\u00fctterte Service Jacke aus Polyester-Baumwoll-Mischgewebe mit Kontrast- und Reflektionselementen an den Seitenpartien, den Aussentaschen und dem R\u00fccken. Zwei Brust- und zwei Seitentaschen mit verst\u00e4rkten Kanten aus Polyamid. Hoher Kragen, durchgehender Reissverschluss mit Kinnschutz. Verl\u00e4ngerte R\u00fcckenpartie. Durch Klett justierbare \u00c4rmelb\u00fcndchen. Drei Innentaschen, eine davon mit Klett verschliessbar (z.B. f\u00fcr Telefon). Service-Reissverschluss am Innenfutter f\u00fcr Besticken oder Bedrucken. 245 g\/m\u00b2<\/p>\n","protected":false},"excerpt":{"rendered":"<p>Strapazierf\u00e4hige gef\u00fctterte Service Jacke aus Polyester-Baumwoll-Mischgewebe mit Kontrast- und Reflektionselementen an den Seitenpartien, den Aussentaschen und dem R\u00fccken. Zwei Brust- und zwei Seitentaschen mit verst\u00e4rkten Kanten aus Polyamid. Hoher Kragen, durchgehender Reissverschluss mit Kinnschutz. Verl\u00e4ngerte R\u00fcckenpartie. Durch Klett justierbare \u00c4rmelb\u00fcndchen. Drei Innentaschen, eine davon mit Klett verschliessbar (z.B. f\u00fcr Telefon). Service-Reissverschluss am Innenfutter f\u00fcr Besticken [&hellip;]<\/p>\n","protected":false},"featured_media":60476,"template":"","meta":{"_acf_changed":false},"product_cat":[],"product_tag":[],"class_list":["post-60473","product","type-product","status-publish","has-post-thumbnail","pa_farben-grau-98","pa_farben-himmelblau-53","pa_farben-khaki-82","pa_farben-marine-58","pa_farben-rot-35","pa_farben-schwarz-99","pa_farben-waldgruen-66","pa_groessen-l","pa_groessen-m","pa_groessen-s","pa_groessen-xl","pa_groessen-xxl","pa_groessen-xxs","pa_groessen-xxxl","pa_groessen-xxxxl","first","instock","product-type-variable"],"acf":[],"tiered_pricing_type":"fixed","tiered_pricing_fixed_rules":[],"tiered_pricing_product_settings":{"layout":"default","base_unit_name":{"singular":null,"plural":null},"default_variation":null},"tiered_pricing_minimum_quantity":null,"tiered_pricing_roles_data":[],"tiered_pricing_percentage_rules":[],"_links":{"self":[{"href":"https:\/\/ancorapublicitat.es\/de\/wp-json\/wp\/v2\/product\/60473","targetHints":{"allow":["GET"]}}],"collection":[{"href":"https:\/\/ancorapublicitat.es\/de\/wp-json\/wp\/v2\/product"}],"about":[{"href":"https:\/\/ancorapublicitat.es\/de\/wp-json\/wp\/v2\/types\/product"}],"version-history":[{"count":0,"href":"https:\/\/ancorapublicitat.es\/de\/wp-json\/wp\/v2\/product\/60473\/revisions"}],"wp:featuredmedia":[{"embeddable":true,"href":"https:\/\/ancorapublicitat.es\/de\/wp-json\/wp\/v2\/media\/60476"}],"wp:attachment":[{"href":"https:\/\/ancorapublicitat.es\/de\/wp-json\/wp\/v2\/media?parent=60473"}],"wp:term":[{"taxonomy":"product_cat","embeddable":true,"href":"https:\/\/ancorapublicitat.es\/de\/wp-json\/wp\/v2\/product_cat?post=60473"},{"taxonomy":"product_tag","embeddable":true,"href":"https:\/\/ancorapublicitat.es\/de\/wp-json\/wp\/v2\/product_tag?post=60473"}],"curies":[{"name":"wp","href":"https:\/\/api.w.org\/{rel}","templated":true}]}}