{"id":60509,"date":"2023-03-30T18:54:10","date_gmt":"2023-03-30T18:54:10","guid":{"rendered":"https:\/\/ancorapublicitat.es\/shop\/herren-arbeitsjacke-projob-4422-jacke-mit-kontrastelementen-644422\/"},"modified":"2023-04-03T17:39:35","modified_gmt":"2023-04-03T17:39:35","slug":"herren-arbeitsjacke-projob-4422-jacke-mit-kontrastelementen-644422","status":"publish","type":"product","link":"https:\/\/ancorapublicitat.es\/de\/shop\/herren-arbeitsjacke-projob-4422-jacke-mit-kontrastelementen-644422\/","title":{"rendered":"Herren Arbeitsjacke ProJob 4422 Jacke mit Kontrastelementen 644422"},"content":{"rendered":"<p>Wasser- und winddichte Jacke, atmungsaktiv und mit verschweissten N\u00e4hten.  Stehkragen und abnehmbare Kapuze. Seitentaschen mit Patte. Zwei grosse Brusttaschen mit Patte. Bis zum Kragen durchgehender Reissverschluss, gesch\u00fctzt durch Knopfleiste mit verborgenen Druckkn\u00f6pfen. Reflektierende Elemente vorne und am R\u00fccken f\u00fcr bessere Sichtbarkeit. \u00c4rmelb\u00fcndchen mit Klettverschluss. Verl\u00e4ngerter R\u00fcckenbereich. Einhand-Reissverschluss an der Seite. Reissverschluss auf der Innenseite f\u00fcr Druck oder Stickerei. 210 g\/m\u00b2<\/p>\n","protected":false},"excerpt":{"rendered":"<p>Wasser- und winddichte Jacke, atmungsaktiv und mit verschweissten N\u00e4hten. Stehkragen und abnehmbare Kapuze. Seitentaschen mit Patte. Zwei grosse Brusttaschen mit Patte. Bis zum Kragen durchgehender Reissverschluss, gesch\u00fctzt durch Knopfleiste mit verborgenen Druckkn\u00f6pfen. Reflektierende Elemente vorne und am R\u00fccken f\u00fcr bessere Sichtbarkeit. \u00c4rmelb\u00fcndchen mit Klettverschluss. Verl\u00e4ngerter R\u00fcckenbereich. Einhand-Reissverschluss an der Seite. Reissverschluss auf der Innenseite f\u00fcr [&hellip;]<\/p>\n","protected":false},"featured_media":60512,"template":"","meta":{"_acf_changed":false},"product_cat":[],"product_tag":[],"class_list":["post-60509","product","type-product","status-publish","has-post-thumbnail","pa_farben-schwarz-99","pa_groessen-l","pa_groessen-m","pa_groessen-s","pa_groessen-xl","pa_groessen-xxl","pa_groessen-xxs","pa_groessen-xxxl","pa_groessen-xxxxl","first","instock","product-type-variable"],"acf":[],"tiered_pricing_type":"fixed","tiered_pricing_fixed_rules":[],"tiered_pricing_product_settings":{"layout":"default","base_unit_name":{"singular":null,"plural":null},"default_variation":null},"tiered_pricing_minimum_quantity":null,"tiered_pricing_roles_data":[],"tiered_pricing_percentage_rules":[],"_links":{"self":[{"href":"https:\/\/ancorapublicitat.es\/de\/wp-json\/wp\/v2\/product\/60509","targetHints":{"allow":["GET"]}}],"collection":[{"href":"https:\/\/ancorapublicitat.es\/de\/wp-json\/wp\/v2\/product"}],"about":[{"href":"https:\/\/ancorapublicitat.es\/de\/wp-json\/wp\/v2\/types\/product"}],"version-history":[{"count":0,"href":"https:\/\/ancorapublicitat.es\/de\/wp-json\/wp\/v2\/product\/60509\/revisions"}],"wp:featuredmedia":[{"embeddable":true,"href":"https:\/\/ancorapublicitat.es\/de\/wp-json\/wp\/v2\/media\/60512"}],"wp:attachment":[{"href":"https:\/\/ancorapublicitat.es\/de\/wp-json\/wp\/v2\/media?parent=60509"}],"wp:term":[{"taxonomy":"product_cat","embeddable":true,"href":"https:\/\/ancorapublicitat.es\/de\/wp-json\/wp\/v2\/product_cat?post=60509"},{"taxonomy":"product_tag","embeddable":true,"href":"https:\/\/ancorapublicitat.es\/de\/wp-json\/wp\/v2\/product_tag?post=60509"}],"curies":[{"name":"wp","href":"https:\/\/api.w.org\/{rel}","templated":true}]}}