{"id":60533,"date":"2023-03-30T18:54:40","date_gmt":"2023-03-30T18:54:40","guid":{"rendered":"https:\/\/ancorapublicitat.es\/shop\/herren-softshelljacke-projob-3407-gefuetterte-3-lagige-softshell-jacke-643407\/"},"modified":"2023-04-03T17:40:05","modified_gmt":"2023-04-03T17:40:05","slug":"herren-softshelljacke-projob-3407-gefuetterte-3-lagige-softshell-jacke-643407","status":"publish","type":"product","link":"https:\/\/ancorapublicitat.es\/de\/shop\/herren-softshelljacke-projob-3407-gefuetterte-3-lagige-softshell-jacke-643407\/","title":{"rendered":"Herren Softshelljacke ProJob 3407 gef\u00fctterte 3-lagige Softshell Jacke 643407"},"content":{"rendered":"<p>3-lagige, wind- und wasserabweisende Softshell-Jacke mit Steppfutter f\u00fcr kalte Arbeitstage. Zwei Brusttaschen, davon die linke mit Handy-Tasche. ID-Karten Halter. Zwei Innentaschen mit Reissverschluss, davon eine gross genug f\u00fcr Dokumente. Zwei Seitentaschen mit Reissverschluss und eine zus\u00e4tzliche Tasche am Arm. Bel\u00fcftungsreissverschlusse unter den Achseln. Kordelzug im Bund und verstellbare \u00c4rmelb\u00fcndchen. Verl\u00e4ngerter R\u00fccken. Reflektorstreifen an den \u00c4rmeln und am R\u00fccken. Verstellbare und abnehmbare Kapuze. Fleece-Futter im Kragen und den Seitentaschen f\u00fcr mehr Komfort. 260 g\/m\u00b2<\/p>\n","protected":false},"excerpt":{"rendered":"<p>3-lagige, wind- und wasserabweisende Softshell-Jacke mit Steppfutter f\u00fcr kalte Arbeitstage. Zwei Brusttaschen, davon die linke mit Handy-Tasche. ID-Karten Halter. Zwei Innentaschen mit Reissverschluss, davon eine gross genug f\u00fcr Dokumente. Zwei Seitentaschen mit Reissverschluss und eine zus\u00e4tzliche Tasche am Arm. Bel\u00fcftungsreissverschlusse unter den Achseln. Kordelzug im Bund und verstellbare \u00c4rmelb\u00fcndchen. Verl\u00e4ngerter R\u00fccken. Reflektorstreifen an den \u00c4rmeln [&hellip;]<\/p>\n","protected":false},"featured_media":60536,"template":"","meta":{"_acf_changed":false},"product_cat":[],"product_tag":[],"class_list":["post-60533","product","type-product","status-publish","has-post-thumbnail","pa_farben-grau-98","pa_farben-himmelblau-53","pa_farben-marine-58","pa_farben-rot-35","pa_farben-schwarz-99","pa_farben-waldgruen-66","pa_groessen-l","pa_groessen-m","pa_groessen-s","pa_groessen-xl","pa_groessen-xxl","pa_groessen-xxs","pa_groessen-xxxl","pa_groessen-xxxxl","first","instock","product-type-variable"],"acf":[],"tiered_pricing_type":"fixed","tiered_pricing_fixed_rules":[],"tiered_pricing_product_settings":{"layout":"default","base_unit_name":{"singular":null,"plural":null},"default_variation":null},"tiered_pricing_minimum_quantity":null,"tiered_pricing_roles_data":[],"tiered_pricing_percentage_rules":[],"_links":{"self":[{"href":"https:\/\/ancorapublicitat.es\/de\/wp-json\/wp\/v2\/product\/60533","targetHints":{"allow":["GET"]}}],"collection":[{"href":"https:\/\/ancorapublicitat.es\/de\/wp-json\/wp\/v2\/product"}],"about":[{"href":"https:\/\/ancorapublicitat.es\/de\/wp-json\/wp\/v2\/types\/product"}],"version-history":[{"count":0,"href":"https:\/\/ancorapublicitat.es\/de\/wp-json\/wp\/v2\/product\/60533\/revisions"}],"wp:featuredmedia":[{"embeddable":true,"href":"https:\/\/ancorapublicitat.es\/de\/wp-json\/wp\/v2\/media\/60536"}],"wp:attachment":[{"href":"https:\/\/ancorapublicitat.es\/de\/wp-json\/wp\/v2\/media?parent=60533"}],"wp:term":[{"taxonomy":"product_cat","embeddable":true,"href":"https:\/\/ancorapublicitat.es\/de\/wp-json\/wp\/v2\/product_cat?post=60533"},{"taxonomy":"product_tag","embeddable":true,"href":"https:\/\/ancorapublicitat.es\/de\/wp-json\/wp\/v2\/product_tag?post=60533"}],"curies":[{"name":"wp","href":"https:\/\/api.w.org\/{rel}","templated":true}]}}