{"id":61640,"date":"2023-03-30T19:25:39","date_gmt":"2023-03-30T19:25:39","guid":{"rendered":"https:\/\/ancorapublicitat.es\/shop\/damen-sicherheits-winterjacke-projob-6424-en-iso-20471-klasse-3-646424\/"},"modified":"2023-04-03T15:43:36","modified_gmt":"2023-04-03T15:43:36","slug":"damen-sicherheits-winterjacke-projob-6424-en-iso-20471-klasse-3-646424","status":"publish","type":"product","link":"https:\/\/ancorapublicitat.es\/de\/shop\/damen-sicherheits-winterjacke-projob-6424-en-iso-20471-klasse-3-646424\/","title":{"rendered":"Damen Sicherheits &#8211; Winterjacke Projob 6424 EN ISO 20471 KLASSE 3 646424"},"content":{"rendered":"<p>Warnschutz-Damensteppjacke aus wasser- und windfestem, funktionellem Softshell-Material. Zwei Brusttaschen, links mit Mobiltelefon-Innentasche. Schlaufe f\u00fcr ID-Kartentr\u00e4ger. Zwei Innentaschen mit Reissverschluss, davon eine breitere f\u00fcr Dokumente usw. Zwei Seitentaschen. Eine Tasche am linken \u00c4rmel. Innentasche mit \u00d6ffnung links f\u00fcr Kopfh\u00f6rer. Reissverschl\u00fcsse an den Achseln. Taillenweite mit Kordelzug verstellbar. \u00c4rmelb\u00fcndchen verstellbar. R\u00fcckenverl\u00e4ngerung f\u00fcr hohen Komfort. Reflektierende Paspelierung an den \u00c4rmeln und am R\u00fccken. Abnehmbare und verstellbare Kapuze. Fleecegef\u00fctterter Kragen und fleecegef\u00fctterte Innentaschen f\u00fcr erh\u00f6hten Komfort.<\/p>\n","protected":false},"excerpt":{"rendered":"<p>Warnschutz-Damensteppjacke aus wasser- und windfestem, funktionellem Softshell-Material. Zwei Brusttaschen, links mit Mobiltelefon-Innentasche. Schlaufe f\u00fcr ID-Kartentr\u00e4ger. Zwei Innentaschen mit Reissverschluss, davon eine breitere f\u00fcr Dokumente usw. Zwei Seitentaschen. Eine Tasche am linken \u00c4rmel. Innentasche mit \u00d6ffnung links f\u00fcr Kopfh\u00f6rer. Reissverschl\u00fcsse an den Achseln. Taillenweite mit Kordelzug verstellbar. \u00c4rmelb\u00fcndchen verstellbar. R\u00fcckenverl\u00e4ngerung f\u00fcr hohen Komfort. Reflektierende Paspelierung an [&hellip;]<\/p>\n","protected":false},"featured_media":61643,"template":"","meta":{"_acf_changed":false},"product_cat":[],"product_tag":[],"class_list":["post-61640","product","type-product","status-publish","has-post-thumbnail","pa_farben-orange-grey-17","pa_farben-orange-noir-1799","pa_farben-yellow-black-11","pa_farben-yellow-navy-10","pa_groessen-xs","pa_groessen-l","pa_groessen-m","pa_groessen-s","pa_groessen-xl","pa_groessen-xxl","pa_groessen-xxxl","first","instock","purchasable","product-type-variable"],"acf":[],"tiered_pricing_type":"fixed","tiered_pricing_fixed_rules":{"9":229.900000000000005684341886080801486968994140625,"19":218.400000000000005684341886080801486968994140625,"49":211.5,"99":206.900000000000005684341886080801486968994140625},"tiered_pricing_product_settings":{"layout":"default","base_unit_name":{"singular":null,"plural":null},"default_variation":null},"tiered_pricing_minimum_quantity":null,"tiered_pricing_roles_data":[],"tiered_pricing_percentage_rules":[],"_links":{"self":[{"href":"https:\/\/ancorapublicitat.es\/de\/wp-json\/wp\/v2\/product\/61640","targetHints":{"allow":["GET"]}}],"collection":[{"href":"https:\/\/ancorapublicitat.es\/de\/wp-json\/wp\/v2\/product"}],"about":[{"href":"https:\/\/ancorapublicitat.es\/de\/wp-json\/wp\/v2\/types\/product"}],"version-history":[{"count":0,"href":"https:\/\/ancorapublicitat.es\/de\/wp-json\/wp\/v2\/product\/61640\/revisions"}],"wp:featuredmedia":[{"embeddable":true,"href":"https:\/\/ancorapublicitat.es\/de\/wp-json\/wp\/v2\/media\/61643"}],"wp:attachment":[{"href":"https:\/\/ancorapublicitat.es\/de\/wp-json\/wp\/v2\/media?parent=61640"}],"wp:term":[{"taxonomy":"product_cat","embeddable":true,"href":"https:\/\/ancorapublicitat.es\/de\/wp-json\/wp\/v2\/product_cat?post=61640"},{"taxonomy":"product_tag","embeddable":true,"href":"https:\/\/ancorapublicitat.es\/de\/wp-json\/wp\/v2\/product_tag?post=61640"}],"curies":[{"name":"wp","href":"https:\/\/api.w.org\/{rel}","templated":true}]}}