{"id":62089,"date":"2023-03-30T19:37:49","date_gmt":"2023-03-30T19:37:49","guid":{"rendered":"https:\/\/ancorapublicitat.es\/shop\/damen-sicherheitsjacke-projob-6423-funktionell-en-iso-20471-klasse-3-2-646423\/"},"modified":"2023-04-03T15:57:06","modified_gmt":"2023-04-03T15:57:06","slug":"damen-sicherheitsjacke-projob-6423-funktionell-en-iso-20471-klasse-3-2-646423","status":"publish","type":"product","link":"https:\/\/ancorapublicitat.es\/de\/shop\/damen-sicherheitsjacke-projob-6423-funktionell-en-iso-20471-klasse-3-2-646423\/","title":{"rendered":"Damen Sicherheitsjacke ProJob 6423 funktionell EN ISO 20471 Klasse 3 \/2 646423"},"content":{"rendered":"<p>Warnschutz-Damenjacke aus wasser- und windabweisendem, weichem Softshell-Material. Zwei Brusttaschen mit wasserabweisendem Reissverschluss, links mit Mobiltelefon-Innentasche. Schlaufe f\u00fcr ID-Kartentr\u00e4ger. Zwei Seitentaschen. Eine Tasche am linken \u00c4rmel. Innentasche mit \u00d6ffnung links f\u00fcr Kopfh\u00f6rer. Reissverschl\u00fcsse an den Achseln. Taillenweite mit Kordelzug verstellbar. \u00c4rmelb\u00fcndchen mit Klett verstellbar. R\u00fcckenverl\u00e4ngerung f\u00fcr erh\u00f6hten Komfort. Reflektierende Paspelierung an den \u00c4rmeln und am R\u00fccken. Abnehmbare und verstellbare Kapuze. Fleecegef\u00fctterter Kragen f\u00fcr erh\u00f6hten Komfort. Auch als Herren-Jacke PJ 6419 verf\u00fcgbar. 250 g\/m\u00b2<\/p>\n","protected":false},"excerpt":{"rendered":"<p>Warnschutz-Damenjacke aus wasser- und windabweisendem, weichem Softshell-Material. Zwei Brusttaschen mit wasserabweisendem Reissverschluss, links mit Mobiltelefon-Innentasche. Schlaufe f\u00fcr ID-Kartentr\u00e4ger. Zwei Seitentaschen. Eine Tasche am linken \u00c4rmel. Innentasche mit \u00d6ffnung links f\u00fcr Kopfh\u00f6rer. Reissverschl\u00fcsse an den Achseln. Taillenweite mit Kordelzug verstellbar. \u00c4rmelb\u00fcndchen mit Klett verstellbar. R\u00fcckenverl\u00e4ngerung f\u00fcr erh\u00f6hten Komfort. Reflektierende Paspelierung an den \u00c4rmeln und am R\u00fccken. [&hellip;]<\/p>\n","protected":false},"featured_media":62092,"template":"","meta":{"_acf_changed":false},"product_cat":[],"product_tag":[],"class_list":["post-62089","product","type-product","status-publish","has-post-thumbnail","pa_farben-gelb-marineblau-10","pa_farben-gelb-schwarz-11","pa_farben-orange-grau-17","pa_farben-orange-schwarz-1799","pa_groessen-xs","pa_groessen-l","pa_groessen-m","pa_groessen-s","pa_groessen-xl","pa_groessen-xxl","pa_groessen-xxxl","first","instock","purchasable","product-type-variable"],"acf":[],"tiered_pricing_type":"fixed","tiered_pricing_fixed_rules":{"9":183.75,"19":174.55000000000001136868377216160297393798828125,"49":169.05000000000001136868377216160297393798828125,"99":165.400000000000005684341886080801486968994140625},"tiered_pricing_product_settings":{"layout":"default","base_unit_name":{"singular":null,"plural":null},"default_variation":null},"tiered_pricing_minimum_quantity":null,"tiered_pricing_roles_data":[],"tiered_pricing_percentage_rules":[],"_links":{"self":[{"href":"https:\/\/ancorapublicitat.es\/de\/wp-json\/wp\/v2\/product\/62089","targetHints":{"allow":["GET"]}}],"collection":[{"href":"https:\/\/ancorapublicitat.es\/de\/wp-json\/wp\/v2\/product"}],"about":[{"href":"https:\/\/ancorapublicitat.es\/de\/wp-json\/wp\/v2\/types\/product"}],"version-history":[{"count":0,"href":"https:\/\/ancorapublicitat.es\/de\/wp-json\/wp\/v2\/product\/62089\/revisions"}],"wp:featuredmedia":[{"embeddable":true,"href":"https:\/\/ancorapublicitat.es\/de\/wp-json\/wp\/v2\/media\/62092"}],"wp:attachment":[{"href":"https:\/\/ancorapublicitat.es\/de\/wp-json\/wp\/v2\/media?parent=62089"}],"wp:term":[{"taxonomy":"product_cat","embeddable":true,"href":"https:\/\/ancorapublicitat.es\/de\/wp-json\/wp\/v2\/product_cat?post=62089"},{"taxonomy":"product_tag","embeddable":true,"href":"https:\/\/ancorapublicitat.es\/de\/wp-json\/wp\/v2\/product_tag?post=62089"}],"curies":[{"name":"wp","href":"https:\/\/api.w.org\/{rel}","templated":true}]}}