{"id":62171,"date":"2023-03-30T19:39:39","date_gmt":"2023-03-30T19:39:39","guid":{"rendered":"https:\/\/ancorapublicitat.es\/shop\/damen-softshelljacke-projob-3413-gefuetterte-3-lagige-softshell-jacke-643413\/"},"modified":"2023-04-03T15:59:44","modified_gmt":"2023-04-03T15:59:44","slug":"damen-softshelljacke-projob-3413-gefuetterte-3-lagige-softshell-jacke-643413","status":"publish","type":"product","link":"https:\/\/ancorapublicitat.es\/de\/shop\/damen-softshelljacke-projob-3413-gefuetterte-3-lagige-softshell-jacke-643413\/","title":{"rendered":"Damen Softshelljacke ProJob 3413 gef\u00fctterte 3-lagige Softshell Jacke 643413"},"content":{"rendered":"<p>3-lagige, wind- und wasserabweisende Softshell-Jacke mit Steppfutter f\u00fcr kalte Arbeitstage. Zwei Brusttaschen, die linke mit Handyfach innen. ID-Karten Halterung. Zwei Innentaschen mit Reissverschluss, eine davon grosse genug f\u00fcr Dokumente etc. Zwei Seitentaschen mit Reissverschluss und eine \u00c4rmeltasche links. Innentasche mit \u00d6ffnung f\u00fcr Kopfh\u00f6rer. Bel\u00fcftungsreiverschl\u00fcsse unter den Armen. Kordelzug im Bund und verstellbare \u00c4rmelb\u00fcndchen. Verl\u00e4ngerter R\u00fccken und Reflektorpaspeln am R\u00fccken und den \u00c4rmeln. Einstellbare, abnehmbare Kapzuze. Fleecefutter im Kragen und in den Seitentaschen. 260 g\/m\u00b2<\/p>\n","protected":false},"excerpt":{"rendered":"<p>3-lagige, wind- und wasserabweisende Softshell-Jacke mit Steppfutter f\u00fcr kalte Arbeitstage. Zwei Brusttaschen, die linke mit Handyfach innen. ID-Karten Halterung. Zwei Innentaschen mit Reissverschluss, eine davon grosse genug f\u00fcr Dokumente etc. Zwei Seitentaschen mit Reissverschluss und eine \u00c4rmeltasche links. Innentasche mit \u00d6ffnung f\u00fcr Kopfh\u00f6rer. Bel\u00fcftungsreiverschl\u00fcsse unter den Armen. Kordelzug im Bund und verstellbare \u00c4rmelb\u00fcndchen. Verl\u00e4ngerter R\u00fccken [&hellip;]<\/p>\n","protected":false},"featured_media":62174,"template":"","meta":{"_acf_changed":false},"product_cat":[],"product_tag":[],"class_list":["post-62171","product","type-product","status-publish","has-post-thumbnail","pa_farben-grau-98","pa_farben-himmelblau-53","pa_farben-marineblau-58","pa_farben-rot-35","pa_farben-schwarz-99","pa_farben-waldgruen-66","pa_groessen-xs","pa_groessen-l","pa_groessen-m","pa_groessen-s","pa_groessen-xl","pa_groessen-xxl","pa_groessen-xxxl","first","instock","purchasable","product-type-variable"],"acf":[],"tiered_pricing_type":"fixed","tiered_pricing_fixed_rules":{"9":208.900000000000005684341886080801486968994140625,"19":198.44999999999998863131622783839702606201171875,"49":192.19999999999998863131622783839702606201171875,"99":188},"tiered_pricing_product_settings":{"layout":"default","base_unit_name":{"singular":null,"plural":null},"default_variation":null},"tiered_pricing_minimum_quantity":null,"tiered_pricing_roles_data":[],"tiered_pricing_percentage_rules":[],"_links":{"self":[{"href":"https:\/\/ancorapublicitat.es\/de\/wp-json\/wp\/v2\/product\/62171","targetHints":{"allow":["GET"]}}],"collection":[{"href":"https:\/\/ancorapublicitat.es\/de\/wp-json\/wp\/v2\/product"}],"about":[{"href":"https:\/\/ancorapublicitat.es\/de\/wp-json\/wp\/v2\/types\/product"}],"version-history":[{"count":0,"href":"https:\/\/ancorapublicitat.es\/de\/wp-json\/wp\/v2\/product\/62171\/revisions"}],"wp:featuredmedia":[{"embeddable":true,"href":"https:\/\/ancorapublicitat.es\/de\/wp-json\/wp\/v2\/media\/62174"}],"wp:attachment":[{"href":"https:\/\/ancorapublicitat.es\/de\/wp-json\/wp\/v2\/media?parent=62171"}],"wp:term":[{"taxonomy":"product_cat","embeddable":true,"href":"https:\/\/ancorapublicitat.es\/de\/wp-json\/wp\/v2\/product_cat?post=62171"},{"taxonomy":"product_tag","embeddable":true,"href":"https:\/\/ancorapublicitat.es\/de\/wp-json\/wp\/v2\/product_tag?post=62171"}],"curies":[{"name":"wp","href":"https:\/\/api.w.org\/{rel}","templated":true}]}}