{"id":64712,"date":"2023-03-30T20:38:58","date_gmt":"2023-03-30T20:38:58","guid":{"rendered":"https:\/\/ancorapublicitat.es\/shop\/damen-winterparka-harvest-brinkley-2121039\/"},"modified":"2023-04-03T10:22:37","modified_gmt":"2023-04-03T10:22:37","slug":"damen-winterparka-harvest-brinkley-2121039","status":"publish","type":"product","link":"https:\/\/ancorapublicitat.es\/de\/shop\/damen-winterparka-harvest-brinkley-2121039\/","title":{"rendered":"Damen Winterparka Harvest Brinkley 2121039"},"content":{"rendered":"<p>Winterparka mit echtem Daunengef\u00fchl. Die PES Membrane sch\u00fctzt vor Wind und Wasser (5000WP \/ 5000Mvp). Bionic Finish ECO, wasserabweisendes Finish. Wattierung aus recyceltem Polyester Bluesign zertifiziert. Alle wichtigen N\u00e4hte sind verklebt. Kapuze und Taille mit Gummizug verstellbar. Durchgehender Metallreissverschluss, Windschutzleiste und Taschenklappen mit Magnetkn\u00f6pfen. Verdeckte Druckkn\u00f6pfe oben und ganz unten. Brusttaschen mit Reissverschluss. 1 Napoleontasche vorne unter dem Windschutz. Verstellbar am unteren \u00c4rmel mit Druckkn\u00f6pfen. \u00c4rmelabschl\u00fcsse mit Rippenb\u00fcndchen. Verl\u00e4ngertes R\u00fcckenteil mit V-Schlitz f\u00fcr bessere Bewegungsfreiheit.<\/p>\n","protected":false},"excerpt":{"rendered":"<p>Winterparka mit echtem Daunengef\u00fchl. Die PES Membrane sch\u00fctzt vor Wind und Wasser (5000WP \/ 5000Mvp). Bionic Finish ECO, wasserabweisendes Finish. Wattierung aus recyceltem Polyester Bluesign zertifiziert. Alle wichtigen N\u00e4hte sind verklebt. Kapuze und Taille mit Gummizug verstellbar. Durchgehender Metallreissverschluss, Windschutzleiste und Taschenklappen mit Magnetkn\u00f6pfen. Verdeckte Druckkn\u00f6pfe oben und ganz unten. Brusttaschen mit Reissverschluss. 1 Napoleontasche [&hellip;]<\/p>\n","protected":false},"featured_media":64715,"template":"","meta":{"_acf_changed":false},"product_cat":[],"product_tag":[],"class_list":["post-64712","product","type-product","status-publish","has-post-thumbnail","pa_farben-marine-600","pa_farben-schwarz-900","pa_groessen-xs","pa_groessen-l","pa_groessen-m","pa_groessen-s","pa_groessen-xl","pa_groessen-xxl","first","instock","purchasable","product-type-variable"],"acf":[],"tiered_pricing_type":"fixed","tiered_pricing_fixed_rules":{"9":273.8999999999999772626324556767940521240234375,"19":260.19999999999998863131622783839702606201171875,"99":252,"499":219.099999999999994315658113919198513031005859375},"tiered_pricing_product_settings":{"layout":"default","base_unit_name":{"singular":null,"plural":null},"default_variation":null},"tiered_pricing_minimum_quantity":null,"tiered_pricing_roles_data":[],"tiered_pricing_percentage_rules":[],"_links":{"self":[{"href":"https:\/\/ancorapublicitat.es\/de\/wp-json\/wp\/v2\/product\/64712","targetHints":{"allow":["GET"]}}],"collection":[{"href":"https:\/\/ancorapublicitat.es\/de\/wp-json\/wp\/v2\/product"}],"about":[{"href":"https:\/\/ancorapublicitat.es\/de\/wp-json\/wp\/v2\/types\/product"}],"version-history":[{"count":0,"href":"https:\/\/ancorapublicitat.es\/de\/wp-json\/wp\/v2\/product\/64712\/revisions"}],"wp:featuredmedia":[{"embeddable":true,"href":"https:\/\/ancorapublicitat.es\/de\/wp-json\/wp\/v2\/media\/64715"}],"wp:attachment":[{"href":"https:\/\/ancorapublicitat.es\/de\/wp-json\/wp\/v2\/media?parent=64712"}],"wp:term":[{"taxonomy":"product_cat","embeddable":true,"href":"https:\/\/ancorapublicitat.es\/de\/wp-json\/wp\/v2\/product_cat?post=64712"},{"taxonomy":"product_tag","embeddable":true,"href":"https:\/\/ancorapublicitat.es\/de\/wp-json\/wp\/v2\/product_tag?post=64712"}],"curies":[{"name":"wp","href":"https:\/\/api.w.org\/{rel}","templated":true}]}}